{"id":12845,"date":"2024-09-02T08:02:53","date_gmt":"2024-09-02T08:02:53","guid":{"rendered":"https:\/\/fladgatewines.com\/vineyards\/quinta-da-pedra\/"},"modified":"2025-02-06T14:38:06","modified_gmt":"2025-02-06T14:38:06","slug":"quinta-da-pedra","status":"publish","type":"page","link":"https:\/\/fladgatefamilywines.com\/en\/vineyards\/quinta-da-pedra\/","title":{"rendered":"Quinta da Pedra"},"content":{"rendered":"\t\t<div data-elementor-type=\"wp-page\" data-elementor-id=\"12845\" class=\"elementor elementor-12845 elementor-10992\">\n\t\t\t\t\t\t<section class=\"elementor-section elementor-top-section elementor-element elementor-element-691f118 elementor-section-full_width elementor-section-height-min-height elementor-section-height-default elementor-section-items-middle\" data-id=\"691f118\" data-element_type=\"section\" data-settings=\"{&quot;background_background&quot;:&quot;classic&quot;}\">\n\t\t\t\t\t\t<div class=\"elementor-container elementor-column-gap-default\">\n\t\t\t\t\t<div class=\"elementor-column elementor-col-100 elementor-top-column elementor-element elementor-element-8b6861d\" data-id=\"8b6861d\" data-element_type=\"column\">\n\t\t\t<div class=\"elementor-widget-wrap\">\n\t\t\t\t\t\t\t<\/div>\n\t\t<\/div>\n\t\t\t\t\t<\/div>\n\t\t<\/section>\n\t\t<div class=\"elementor-element elementor-element-5e2ce5d e-flex e-con-boxed e-con e-parent\" data-id=\"5e2ce5d\" data-element_type=\"container\">\n\t\t\t\t\t<div class=\"e-con-inner\">\n\t\t\t\t<div class=\"elementor-element elementor-element-3d8bd16 elementor-widget elementor-widget-chateau_core_section_title\" data-id=\"3d8bd16\" data-element_type=\"widget\" data-widget_type=\"chateau_core_section_title.default\">\n\t\t\t\t<div class=\"elementor-widget-container\">\n\t\t\t\t\t<div class=\"qodef-shortcode qodef-m  qodef-section-title qodef-alignment--center \">\n\t\t<h1 class=\"qodef-m-title\" style=\"color: #000000\">\n\t\t\t\t\tquinta da Pedra\t\t\t<\/h1>\n\t<div class=\"qodef-m-subtitle-content qodef--has-appear\" >\n\t<div class=\"qodef-m-subtitle-line-one\" ><\/div>\n\t\t<div class=\"qodef-m-subtitle-line-two\" ><\/div>\n<\/div>\n\t<\/div>\n\t\t\t\t<\/div>\n\t\t\t\t<\/div>\n\t\t\t\t\t<\/div>\n\t\t\t\t<\/div>\n\t\t<div class=\"elementor-element elementor-element-b74aa7a e-flex e-con-boxed e-con e-parent\" data-id=\"b74aa7a\" data-element_type=\"container\">\n\t\t\t\t\t<div class=\"e-con-inner\">\n\t\t\t\t<div class=\"elementor-element elementor-element-50c153f elementor-widget elementor-widget-text-editor\" data-id=\"50c153f\" data-element_type=\"widget\" data-widget_type=\"text-editor.default\">\n\t\t\t\t\t\t\t\t\t<p>Quinta da Pedra is a historic and distinguished estate located in the heart of Mon\u00e7\u00e3o and Melga\u00e7o, the most renowned sub-region of Vinho Verde in northern Portugal. Dating back to the 17th century, this estate holds significant historical value and is considered one of the oldest and most important in the Alto Minho region. The property spans approximately 30 hectares, with vineyards planted on deep, granitic soils. The land\u2019s location within a valley allows for a unique combination of climatic conditions, benefiting from an abundant water supply and diverse solar exposure. The vineyards are cultivated using traditional dry-farming methods, maintaining an emphasis on sustainability and the natural qualities of the terroir. Quinta da Pedra\u2019s Alvarinho vines are planted at a high density of 5555 vines per hectare\u2014twice the regional average\u2014which contributes to the quality and concentration of the wines.<\/p><p>The estate\u2019s wines are renowned for their elegance and freshness, with a clear expression of the mineral-rich soils and balanced acidity. The Alvarinho produced here is particularly prized for its longevity, aging gracefully in the bottle to develop greater complexity over time. The estate is an excellent representation of the Vinho Verde DOC, producing wines that are vibrant, aromatic, and showcase the exceptional terroir of the region. Quinta da Pedra has established a reputation for excellence and continues to be a benchmark for Alvarinho production in Vinho Verde.<\/p>\t\t\t\t\t\t\t\t<\/div>\n\t\t\t\t\t<\/div>\n\t\t\t\t<\/div>\n\t\t<div class=\"elementor-element elementor-element-2d47634 e-flex e-con-boxed e-con e-parent\" data-id=\"2d47634\" data-element_type=\"container\">\n\t\t\t\t\t<div class=\"e-con-inner\">\n\t\t<div class=\"elementor-element elementor-element-cf3fe00 e-con-full e-flex e-con e-child\" data-id=\"cf3fe00\" data-element_type=\"container\">\n\t\t\t\t<\/div>\n\t\t<div class=\"elementor-element elementor-element-b2ed0ea e-con-full e-flex e-con e-child\" data-id=\"b2ed0ea\" data-element_type=\"container\">\n\t\t\t\t<div class=\"elementor-element elementor-element-b8552e5 elementor-widget elementor-widget-text-editor\" data-id=\"b8552e5\" data-element_type=\"widget\" data-widget_type=\"text-editor.default\">\n\t\t\t\t\t\t\t\t\t<p>Area: 30 hectares<br \/>Main Grapes: Alvarinho<\/p>\n\t\t\t\t\t\t\t\t<\/div>\n\t\t\t\t<\/div>\n\t\t\t\t\t<\/div>\n\t\t\t\t<\/div>\n\t\t<div class=\"elementor-element elementor-element-28700d4 e-flex e-con-boxed e-con e-parent\" data-id=\"28700d4\" data-element_type=\"container\">\n\t\t\t\t\t<div class=\"e-con-inner\">\n\t\t\t\t<div class=\"elementor-element elementor-element-d207a8e elementor-widget elementor-widget-qi_addons_for_elementor_image_slider\" data-id=\"d207a8e\" data-element_type=\"widget\" data-widget_type=\"qi_addons_for_elementor_image_slider.default\">\n\t\t\t\t<div class=\"elementor-widget-container\">\n\t\t\t\t\t<div class=\"qodef-shortcode qodef-m  qodef-qi-image-slider qodef-qi-fslightbox-popup qodef-popup-gallery    qodef-col-num--1 qodef-qi-grid qodef-qi-swiper-container  qodef-navigation--inside      qodef-navigation--hover-move\" data-options=\"{&quot;direction&quot;:&quot;horizontal&quot;,&quot;slidesPerView&quot;:&quot;1&quot;,&quot;spaceBetween&quot;:30,&quot;spaceBetweenTablet&quot;:30,&quot;spaceBetweenMobile&quot;:30,&quot;effect&quot;:&quot;slide&quot;,&quot;loop&quot;:true,&quot;autoplay&quot;:true,&quot;centeredSlides&quot;:false,&quot;speed&quot;:&quot;&quot;,&quot;speedAnimation&quot;:&quot;&quot;,&quot;outsideNavigation&quot;:&quot;no&quot;,&quot;outsidePagination&quot;:&quot;no&quot;,&quot;unique&quot;:100,&quot;partialValue&quot;:0,&quot;disablePartialValue&quot;:&quot;&quot;,&quot;parallax&quot;:&quot;no&quot;}\">\n\t<div class=\"swiper-wrapper\">\n\t\t<div class=\"qodef-e swiper-slide\">\n\t<div class=\"qodef-e-inner\">\n\t\t<div class=\"qodef-e-inner-holder\">\n\t\t\t\t\t\t\t<a class=\"qodef-popup-item\" itemprop=\"image\" href=\"https:\/\/fladgatefamilywines.com\/wp-content\/uploads\/2025\/01\/FSSW-Quinta-da-Pedra-01-1-scaled.jpg\" data-type=\"image\" data-fslightbox=\"gallery-100\" data-e-disable-page-transition=\u201dtrue\u201d>\n\t\t\t\t\t\t\t<img fetchpriority=\"high\" decoding=\"async\" width=\"2560\" height=\"1920\" src=\"https:\/\/fladgatefamilywines.com\/wp-content\/uploads\/2025\/01\/FSSW-Quinta-da-Pedra-01-1-scaled.jpg\" class=\"attachment-full size-full\" alt=\"\" srcset=\"https:\/\/fladgatefamilywines.com\/wp-content\/uploads\/2025\/01\/FSSW-Quinta-da-Pedra-01-1-scaled.jpg 2560w, https:\/\/fladgatefamilywines.com\/wp-content\/uploads\/2025\/01\/FSSW-Quinta-da-Pedra-01-1-300x225.jpg 300w, https:\/\/fladgatefamilywines.com\/wp-content\/uploads\/2025\/01\/FSSW-Quinta-da-Pedra-01-1-1024x768.jpg 1024w, https:\/\/fladgatefamilywines.com\/wp-content\/uploads\/2025\/01\/FSSW-Quinta-da-Pedra-01-1-768x576.jpg 768w, https:\/\/fladgatefamilywines.com\/wp-content\/uploads\/2025\/01\/FSSW-Quinta-da-Pedra-01-1-1536x1152.jpg 1536w, https:\/\/fladgatefamilywines.com\/wp-content\/uploads\/2025\/01\/FSSW-Quinta-da-Pedra-01-1-2048x1536.jpg 2048w, https:\/\/fladgatefamilywines.com\/wp-content\/uploads\/2025\/01\/FSSW-Quinta-da-Pedra-01-1-800x600.jpg 800w, https:\/\/fladgatefamilywines.com\/wp-content\/uploads\/2025\/01\/FSSW-Quinta-da-Pedra-01-1-600x450.jpg 600w\" sizes=\"(max-width: 2560px) 100vw, 2560px\" \/>\t\t\t\t\t\t\t<\/a>\n\t\t\t\t\t<\/div>\n\t<\/div>\n\t<\/div>\n<div class=\"qodef-e swiper-slide\">\n\t<div class=\"qodef-e-inner\">\n\t\t<div class=\"qodef-e-inner-holder\">\n\t\t\t\t\t\t\t<a class=\"qodef-popup-item\" itemprop=\"image\" href=\"https:\/\/fladgatefamilywines.com\/wp-content\/uploads\/2025\/01\/FSSW-Quinta-da-Pedra-02-1-scaled.jpg\" data-type=\"image\" data-fslightbox=\"gallery-100\" data-e-disable-page-transition=\u201dtrue\u201d>\n\t\t\t\t\t\t\t<img decoding=\"async\" width=\"2560\" height=\"1919\" src=\"https:\/\/fladgatefamilywines.com\/wp-content\/uploads\/2025\/01\/FSSW-Quinta-da-Pedra-02-1-scaled.jpg\" class=\"attachment-full size-full\" alt=\"\" srcset=\"https:\/\/fladgatefamilywines.com\/wp-content\/uploads\/2025\/01\/FSSW-Quinta-da-Pedra-02-1-scaled.jpg 2560w, https:\/\/fladgatefamilywines.com\/wp-content\/uploads\/2025\/01\/FSSW-Quinta-da-Pedra-02-1-300x225.jpg 300w, https:\/\/fladgatefamilywines.com\/wp-content\/uploads\/2025\/01\/FSSW-Quinta-da-Pedra-02-1-1024x767.jpg 1024w, https:\/\/fladgatefamilywines.com\/wp-content\/uploads\/2025\/01\/FSSW-Quinta-da-Pedra-02-1-768x576.jpg 768w, https:\/\/fladgatefamilywines.com\/wp-content\/uploads\/2025\/01\/FSSW-Quinta-da-Pedra-02-1-1536x1151.jpg 1536w, https:\/\/fladgatefamilywines.com\/wp-content\/uploads\/2025\/01\/FSSW-Quinta-da-Pedra-02-1-2048x1535.jpg 2048w, https:\/\/fladgatefamilywines.com\/wp-content\/uploads\/2025\/01\/FSSW-Quinta-da-Pedra-02-1-800x600.jpg 800w, https:\/\/fladgatefamilywines.com\/wp-content\/uploads\/2025\/01\/FSSW-Quinta-da-Pedra-02-1-600x450.jpg 600w\" sizes=\"(max-width: 2560px) 100vw, 2560px\" \/>\t\t\t\t\t\t\t<\/a>\n\t\t\t\t\t<\/div>\n\t<\/div>\n\t<\/div>\n<div class=\"qodef-e swiper-slide\">\n\t<div class=\"qodef-e-inner\">\n\t\t<div class=\"qodef-e-inner-holder\">\n\t\t\t\t\t\t\t<a class=\"qodef-popup-item\" itemprop=\"image\" href=\"https:\/\/fladgatefamilywines.com\/wp-content\/uploads\/2025\/01\/FSSW-Quinta-da-Pedra-03-1-scaled.jpg\" data-type=\"image\" data-fslightbox=\"gallery-100\" data-e-disable-page-transition=\u201dtrue\u201d>\n\t\t\t\t\t\t\t<img decoding=\"async\" width=\"2560\" height=\"1917\" src=\"https:\/\/fladgatefamilywines.com\/wp-content\/uploads\/2025\/01\/FSSW-Quinta-da-Pedra-03-1-scaled.jpg\" class=\"attachment-full size-full\" alt=\"\" srcset=\"https:\/\/fladgatefamilywines.com\/wp-content\/uploads\/2025\/01\/FSSW-Quinta-da-Pedra-03-1-scaled.jpg 2560w, https:\/\/fladgatefamilywines.com\/wp-content\/uploads\/2025\/01\/FSSW-Quinta-da-Pedra-03-1-300x225.jpg 300w, https:\/\/fladgatefamilywines.com\/wp-content\/uploads\/2025\/01\/FSSW-Quinta-da-Pedra-03-1-1024x767.jpg 1024w, https:\/\/fladgatefamilywines.com\/wp-content\/uploads\/2025\/01\/FSSW-Quinta-da-Pedra-03-1-768x575.jpg 768w, https:\/\/fladgatefamilywines.com\/wp-content\/uploads\/2025\/01\/FSSW-Quinta-da-Pedra-03-1-1536x1150.jpg 1536w, https:\/\/fladgatefamilywines.com\/wp-content\/uploads\/2025\/01\/FSSW-Quinta-da-Pedra-03-1-2048x1534.jpg 2048w, https:\/\/fladgatefamilywines.com\/wp-content\/uploads\/2025\/01\/FSSW-Quinta-da-Pedra-03-1-800x599.jpg 800w, https:\/\/fladgatefamilywines.com\/wp-content\/uploads\/2025\/01\/FSSW-Quinta-da-Pedra-03-1-600x449.jpg 600w\" sizes=\"(max-width: 2560px) 100vw, 2560px\" \/>\t\t\t\t\t\t\t<\/a>\n\t\t\t\t\t<\/div>\n\t<\/div>\n\t<\/div>\n<div class=\"qodef-e swiper-slide\">\n\t<div class=\"qodef-e-inner\">\n\t\t<div class=\"qodef-e-inner-holder\">\n\t\t\t\t\t\t\t<a class=\"qodef-popup-item\" itemprop=\"image\" href=\"https:\/\/fladgatefamilywines.com\/wp-content\/uploads\/2025\/01\/FSSW-Quinta-da-Pedra-06-scaled.jpg\" data-type=\"image\" data-fslightbox=\"gallery-100\" data-e-disable-page-transition=\u201dtrue\u201d>\n\t\t\t\t\t\t\t<img loading=\"lazy\" decoding=\"async\" width=\"2560\" height=\"1917\" src=\"https:\/\/fladgatefamilywines.com\/wp-content\/uploads\/2025\/01\/FSSW-Quinta-da-Pedra-06-scaled.jpg\" class=\"attachment-full size-full\" alt=\"\" srcset=\"https:\/\/fladgatefamilywines.com\/wp-content\/uploads\/2025\/01\/FSSW-Quinta-da-Pedra-06-scaled.jpg 2560w, https:\/\/fladgatefamilywines.com\/wp-content\/uploads\/2025\/01\/FSSW-Quinta-da-Pedra-06-300x225.jpg 300w, https:\/\/fladgatefamilywines.com\/wp-content\/uploads\/2025\/01\/FSSW-Quinta-da-Pedra-06-1024x767.jpg 1024w, https:\/\/fladgatefamilywines.com\/wp-content\/uploads\/2025\/01\/FSSW-Quinta-da-Pedra-06-768x575.jpg 768w, https:\/\/fladgatefamilywines.com\/wp-content\/uploads\/2025\/01\/FSSW-Quinta-da-Pedra-06-1536x1150.jpg 1536w, https:\/\/fladgatefamilywines.com\/wp-content\/uploads\/2025\/01\/FSSW-Quinta-da-Pedra-06-2048x1534.jpg 2048w, https:\/\/fladgatefamilywines.com\/wp-content\/uploads\/2025\/01\/FSSW-Quinta-da-Pedra-06-800x599.jpg 800w, https:\/\/fladgatefamilywines.com\/wp-content\/uploads\/2025\/01\/FSSW-Quinta-da-Pedra-06-600x449.jpg 600w\" sizes=\"(max-width: 2560px) 100vw, 2560px\" \/>\t\t\t\t\t\t\t<\/a>\n\t\t\t\t\t<\/div>\n\t<\/div>\n\t<\/div>\n\t<\/div>\n\t\t<div class=\"swiper-button-prev\"><svg class=\"qodef-swiper-arrow-left\" xmlns=\"http:\/\/www.w3.org\/2000\/svg\" x=\"0px\" y=\"0px\" viewBox=\"0 0 34.2 32.3\" xml:space=\"preserve\" style=\"stroke-width: 2;\"><line x1=\"0.5\" y1=\"16\" x2=\"33.5\" y2=\"16\"\/><line x1=\"0.3\" y1=\"16.5\" x2=\"16.2\" y2=\"0.7\"\/><line x1=\"0\" y1=\"15.4\" x2=\"16.2\" y2=\"31.6\"\/><\/svg><\/div>\n\t<div class=\"swiper-button-next\"><svg class=\"qodef-swiper-arrow-right\" xmlns=\"http:\/\/www.w3.org\/2000\/svg\" x=\"0px\" y=\"0px\" viewBox=\"0 0 34.2 32.3\" xml:space=\"preserve\" style=\"stroke-width: 2;\"><line x1=\"0\" y1=\"16\" x2=\"33\" y2=\"16\"\/><line x1=\"17.3\" y1=\"0.7\" x2=\"33.2\" y2=\"16.5\"\/><line x1=\"17.3\" y1=\"31.6\" x2=\"33.5\" y2=\"15.4\"\/><\/svg><\/div>\n<\/div>\n\t\t\t\t<\/div>\n\t\t\t\t<\/div>\n\t\t\t\t\t<\/div>\n\t\t\t\t<\/div>\n\t\t<div class=\"elementor-element elementor-element-546bd99 e-flex e-con-boxed e-con e-parent\" data-id=\"546bd99\" data-element_type=\"container\">\n\t\t\t\t\t<div class=\"e-con-inner\">\n\t\t<div class=\"elementor-element elementor-element-918d9a9 e-con-full e-flex e-con e-child\" data-id=\"918d9a9\" data-element_type=\"container\">\n\t\t\t\t<div class=\"elementor-element elementor-element-03c69b4 elementor-widget elementor-widget-image\" data-id=\"03c69b4\" data-element_type=\"widget\" data-widget_type=\"image.default\">\n\t\t\t\t\t\t\t\t\t\t\t\t\t\t\t<img loading=\"lazy\" decoding=\"async\" width=\"650\" height=\"650\" src=\"https:\/\/fladgatefamilywines.com\/wp-content\/uploads\/2025\/01\/FSSW-Quinta-da-Pedra-03-650x650.jpg\" class=\"attachment-chateau_core_image_size_square size-chateau_core_image_size_square wp-image-13680\" alt=\"\" srcset=\"https:\/\/fladgatefamilywines.com\/wp-content\/uploads\/2025\/01\/FSSW-Quinta-da-Pedra-03-650x650.jpg 650w, https:\/\/fladgatefamilywines.com\/wp-content\/uploads\/2025\/01\/FSSW-Quinta-da-Pedra-03-150x150.jpg 150w, https:\/\/fladgatefamilywines.com\/wp-content\/uploads\/2025\/01\/FSSW-Quinta-da-Pedra-03-1300x1300.jpg 1300w, https:\/\/fladgatefamilywines.com\/wp-content\/uploads\/2025\/01\/FSSW-Quinta-da-Pedra-03-100x100.jpg 100w\" sizes=\"(max-width: 650px) 100vw, 650px\" \/>\t\t\t\t\t\t\t\t\t\t\t\t\t\t\t<\/div>\n\t\t\t\t<\/div>\n\t\t<div class=\"elementor-element elementor-element-be6c32f e-con-full e-flex e-con e-child\" data-id=\"be6c32f\" data-element_type=\"container\">\n\t\t<div class=\"elementor-element elementor-element-53fdeef e-con-full e-flex e-con e-child\" data-id=\"53fdeef\" data-element_type=\"container\">\n\t\t\t\t<div class=\"elementor-element elementor-element-0d776a2 elementor-widget elementor-widget-image\" data-id=\"0d776a2\" data-element_type=\"widget\" data-widget_type=\"image.default\">\n\t\t\t\t\t\t\t\t\t\t\t\t\t\t\t<img loading=\"lazy\" decoding=\"async\" width=\"1024\" height=\"1024\" src=\"https:\/\/fladgatefamilywines.com\/wp-content\/uploads\/2024\/09\/Quinta-da-Pedra-8-1024x1024.jpg\" class=\"attachment-large size-large wp-image-11005\" alt=\"\" srcset=\"https:\/\/fladgatefamilywines.com\/wp-content\/uploads\/2024\/09\/Quinta-da-Pedra-8-1024x1024.jpg 1024w, https:\/\/fladgatefamilywines.com\/wp-content\/uploads\/2024\/09\/Quinta-da-Pedra-8-800x800.jpg 800w, https:\/\/fladgatefamilywines.com\/wp-content\/uploads\/2024\/09\/Quinta-da-Pedra-8-100x100.jpg 100w, https:\/\/fladgatefamilywines.com\/wp-content\/uploads\/2024\/09\/Quinta-da-Pedra-8-600x600.jpg 600w, https:\/\/fladgatefamilywines.com\/wp-content\/uploads\/2024\/09\/Quinta-da-Pedra-8-300x300.jpg 300w, https:\/\/fladgatefamilywines.com\/wp-content\/uploads\/2024\/09\/Quinta-da-Pedra-8-150x150.jpg 150w, https:\/\/fladgatefamilywines.com\/wp-content\/uploads\/2024\/09\/Quinta-da-Pedra-8-768x768.jpg 768w, https:\/\/fladgatefamilywines.com\/wp-content\/uploads\/2024\/09\/Quinta-da-Pedra-8-650x650.jpg 650w, https:\/\/fladgatefamilywines.com\/wp-content\/uploads\/2024\/09\/Quinta-da-Pedra-8.jpg 1056w\" sizes=\"(max-width: 1024px) 100vw, 1024px\" \/>\t\t\t\t\t\t\t\t\t\t\t\t\t\t\t<\/div>\n\t\t\t\t<div class=\"elementor-element elementor-element-aea06f2 elementor-widget elementor-widget-image\" data-id=\"aea06f2\" data-element_type=\"widget\" data-widget_type=\"image.default\">\n\t\t\t\t\t\t\t\t\t\t\t\t\t\t\t<img loading=\"lazy\" decoding=\"async\" width=\"650\" height=\"650\" src=\"https:\/\/fladgatefamilywines.com\/wp-content\/uploads\/2025\/01\/FSSW-Quinta-da-Pedra-04-650x650.jpg\" class=\"attachment-chateau_core_image_size_square size-chateau_core_image_size_square wp-image-13678\" alt=\"\" srcset=\"https:\/\/fladgatefamilywines.com\/wp-content\/uploads\/2025\/01\/FSSW-Quinta-da-Pedra-04-650x650.jpg 650w, https:\/\/fladgatefamilywines.com\/wp-content\/uploads\/2025\/01\/FSSW-Quinta-da-Pedra-04-150x150.jpg 150w, https:\/\/fladgatefamilywines.com\/wp-content\/uploads\/2025\/01\/FSSW-Quinta-da-Pedra-04-1300x1300.jpg 1300w, https:\/\/fladgatefamilywines.com\/wp-content\/uploads\/2025\/01\/FSSW-Quinta-da-Pedra-04-100x100.jpg 100w\" sizes=\"(max-width: 650px) 100vw, 650px\" \/>\t\t\t\t\t\t\t\t\t\t\t\t\t\t\t<\/div>\n\t\t\t\t<\/div>\n\t\t<div class=\"elementor-element elementor-element-395d61a e-con-full e-flex e-con e-child\" data-id=\"395d61a\" data-element_type=\"container\">\n\t\t\t\t<div class=\"elementor-element elementor-element-01ac8be elementor-widget elementor-widget-image\" data-id=\"01ac8be\" data-element_type=\"widget\" data-widget_type=\"image.default\">\n\t\t\t\t\t\t\t\t\t\t\t\t\t\t\t<img loading=\"lazy\" decoding=\"async\" width=\"1024\" height=\"1024\" src=\"https:\/\/fladgatefamilywines.com\/wp-content\/uploads\/2024\/09\/Quinta-da-Pedra-5-1024x1024.jpg\" class=\"attachment-large size-large wp-image-11002\" alt=\"\" srcset=\"https:\/\/fladgatefamilywines.com\/wp-content\/uploads\/2024\/09\/Quinta-da-Pedra-5-1024x1024.jpg 1024w, https:\/\/fladgatefamilywines.com\/wp-content\/uploads\/2024\/09\/Quinta-da-Pedra-5-800x800.jpg 800w, https:\/\/fladgatefamilywines.com\/wp-content\/uploads\/2024\/09\/Quinta-da-Pedra-5-100x100.jpg 100w, https:\/\/fladgatefamilywines.com\/wp-content\/uploads\/2024\/09\/Quinta-da-Pedra-5-600x600.jpg 600w, https:\/\/fladgatefamilywines.com\/wp-content\/uploads\/2024\/09\/Quinta-da-Pedra-5-300x300.jpg 300w, https:\/\/fladgatefamilywines.com\/wp-content\/uploads\/2024\/09\/Quinta-da-Pedra-5-150x150.jpg 150w, https:\/\/fladgatefamilywines.com\/wp-content\/uploads\/2024\/09\/Quinta-da-Pedra-5-768x768.jpg 768w, https:\/\/fladgatefamilywines.com\/wp-content\/uploads\/2024\/09\/Quinta-da-Pedra-5-650x650.jpg 650w, https:\/\/fladgatefamilywines.com\/wp-content\/uploads\/2024\/09\/Quinta-da-Pedra-5.jpg 1056w\" sizes=\"(max-width: 1024px) 100vw, 1024px\" \/>\t\t\t\t\t\t\t\t\t\t\t\t\t\t\t<\/div>\n\t\t\t\t<\/div>\n\t\t\t\t<\/div>\n\t\t\t\t\t<\/div>\n\t\t\t\t<\/div>\n\t\t<div class=\"elementor-element elementor-element-71ff653 e-flex e-con-boxed e-con e-parent\" data-id=\"71ff653\" data-element_type=\"container\">\n\t\t\t\t\t<div class=\"e-con-inner\">\n\t\t\t\t<div class=\"elementor-element elementor-element-d71c20e elementor-widget elementor-widget-qi_addons_for_elementor_section_title\" data-id=\"d71c20e\" data-element_type=\"widget\" data-widget_type=\"qi_addons_for_elementor_section_title.default\">\n\t\t\t\t<div class=\"elementor-widget-container\">\n\t\t\t\t\t<div class=\"qodef-shortcode qodef-m  qodef-qi-section-title  qodef-decoration--italic  qodef-link--underline-draw qodef-subtitle-icon--left\">\n\t\t\t\t\t\t<h2 class=\"qodef-m-title\">\n\t\tOUR WINES\t<\/h2>\n\t\t\t<\/div>\n\t\t\t\t<\/div>\n\t\t\t\t<\/div>\n\t\t\t\t\t<\/div>\n\t\t\t\t<\/div>\n\t\t<div class=\"elementor-element elementor-element-165b4bc e-flex e-con-boxed e-con e-parent\" data-id=\"165b4bc\" data-element_type=\"container\" data-settings=\"{&quot;background_background&quot;:&quot;classic&quot;}\">\n\t\t\t\t\t<div class=\"e-con-inner\">\n\t\t\t\t<div class=\"elementor-element elementor-element-f2bfcac qodef-info-below-alignment--center elementor-widget elementor-widget-qi_addons_for_elementor_product_list\" data-id=\"f2bfcac\" data-element_type=\"widget\" data-widget_type=\"qi_addons_for_elementor_product_list.default\">\n\t\t\t\t<div class=\"elementor-widget-container\">\n\t\t\t\t\t<div class=\"qodef-shortcode qodef-m  qodef-addons-woo-shortcode qodef-qi-woo-shortcode-product-list qodef-item-layout--info-below-swap qodef-image--hover-zoom  qodef-qi-grid qodef-layout--qi-columns  qodef-col-num--4  qodef-item-layout--info-below-swap qodef-responsive--predefined\" >\n\t<div class=\"qodef-grid-inner\">\n\t\t<div class=\"qodef-e qodef-grid-item product type-product post-12930 status-publish first instock product_cat-highlights product_cat-white has-post-thumbnail shipping-taxable purchasable product-type-simple\">\n\t<div class=\"qodef-e-product-inner\">\n\t\t\t\t\t<div class=\"qodef-e-product-image\">\n\t\t\t\t\t\t\t\t<div class=\"qodef-e-product-image-holder\">\n\t\t\t\t\t<a itemprop=\"url\" href=\"https:\/\/fladgatefamilywines.com\/en\/produto\/milagres-purple-edition-alvarinho-2016\/\">\n\t\t\t\t\t\t<img loading=\"lazy\" decoding=\"async\" width=\"800\" height=\"994\" src=\"https:\/\/fladgatefamilywines.com\/wp-content\/uploads\/2024\/08\/Milagres-Purple-Edition-Alvarinho_75cl.jpg\" class=\"attachment-full size-full\" alt=\"Milagres-Purple-Edition-Alvarinho_75cl\" srcset=\"https:\/\/fladgatefamilywines.com\/wp-content\/uploads\/2024\/08\/Milagres-Purple-Edition-Alvarinho_75cl.jpg 800w, https:\/\/fladgatefamilywines.com\/wp-content\/uploads\/2024\/08\/Milagres-Purple-Edition-Alvarinho_75cl-600x746.jpg 600w, https:\/\/fladgatefamilywines.com\/wp-content\/uploads\/2024\/08\/Milagres-Purple-Edition-Alvarinho_75cl-300x373.jpg 300w, https:\/\/fladgatefamilywines.com\/wp-content\/uploads\/2024\/08\/Milagres-Purple-Edition-Alvarinho_75cl-241x300.jpg 241w, https:\/\/fladgatefamilywines.com\/wp-content\/uploads\/2024\/08\/Milagres-Purple-Edition-Alvarinho_75cl-768x954.jpg 768w\" sizes=\"(max-width: 800px) 100vw, 800px\" \/>\t\t\t\t\t<\/a>\n\t\t\t\t<\/div>\n\t\t\t<\/div>\n\t\t\t\t<div class=\"qodef-e-product-content\">\n\t\t\t\t<div class=\"qodef-e-product-categories\"><a href=\"https:\/\/fladgatefamilywines.com\/en\/product-category\/highlights\/\" rel=\"tag\">Highlights<\/a><span class=\"qodef-category-separator\"><\/span><a href=\"https:\/\/fladgatefamilywines.com\/en\/product-category\/white\/\" rel=\"tag\">White<\/a><\/div>\n\t\t\t<h6 itemprop=\"name\" class=\"qodef-e-product-title qodef-e-title entry-title\">\n\t<a itemprop=\"url\" class=\"qodef-e-product-title-link\" href=\"https:\/\/fladgatefamilywines.com\/en\/produto\/milagres-purple-edition-alvarinho-2016\/\">\n\t\tMilagres Purple Edition Alvarinho 2016\t<\/a>\n<\/h6>\n\t\t\t<div class=\"qodef-e-swap-holder\">\n\t\t\t\t\t\t<div class=\"qodef-woo-product-price price\"><span class=\"woocommerce-Price-amount amount\">479,00&nbsp;<span class=\"woocommerce-Price-currencySymbol\">&euro;<\/span><\/span><\/div>\n\t\t\t\t\t\t<div class=\"qodef-e-to-swap\">\n\t\t\t\t\t<a class=\"qodef-shortcode qodef-m button product_type_simple add_to_cart_button ajax_add_to_cart qodef-qi-button qodef-html--link qodef-layout--filled qodef-type--standard   qodef-icon--right qodef-hover--icon-move-horizontal-short     \" href=\"?add-to-cart=12930\" target=\"_self\" data-product_id=\"12930\" data-product_sku=\"30-1-1-1-1-1-1-1\" aria-label=\"Add to cart: &ldquo;Milagres Purple Edition Alvarinho 2016&rdquo;\" rel=\"nofollow\" data-quantity=\"1\">\t<span class=\"qodef-m-text\">Add to cart<\/span>\t<\/a>\t\t\t\t<\/div>\n\t\t\t<\/div>\n\t\t\t\t\t\t\t\t<\/div>\n\t\t<a href=\"https:\/\/fladgatefamilywines.com\/en\/produto\/milagres-purple-edition-alvarinho-2016\/\" class=\"woocommerce-LoopProduct-link woocommerce-loop-product__link\"><\/a>\t<\/div>\n<\/div>\n<div class=\"qodef-e qodef-grid-item product type-product post-12948 status-publish instock product_cat-white has-post-thumbnail shipping-taxable purchasable product-type-simple\">\n\t<div class=\"qodef-e-product-inner\">\n\t\t\t\t\t<div class=\"qodef-e-product-image\">\n\t\t\t\t\t\t\t\t<div class=\"qodef-e-product-image-holder\">\n\t\t\t\t\t<a itemprop=\"url\" href=\"https:\/\/fladgatefamilywines.com\/en\/produto\/milagres-alvarinho-2019\/\">\n\t\t\t\t\t\t<img loading=\"lazy\" decoding=\"async\" width=\"800\" height=\"994\" src=\"https:\/\/fladgatefamilywines.com\/wp-content\/uploads\/2024\/08\/Milagres-by-Qta-da-Pedra-2019_75cl.jpg\" class=\"attachment-full size-full\" alt=\"Milagres-by-Qta-da-Pedra-2019_75cl\" srcset=\"https:\/\/fladgatefamilywines.com\/wp-content\/uploads\/2024\/08\/Milagres-by-Qta-da-Pedra-2019_75cl.jpg 800w, https:\/\/fladgatefamilywines.com\/wp-content\/uploads\/2024\/08\/Milagres-by-Qta-da-Pedra-2019_75cl-600x746.jpg 600w, https:\/\/fladgatefamilywines.com\/wp-content\/uploads\/2024\/08\/Milagres-by-Qta-da-Pedra-2019_75cl-300x373.jpg 300w, https:\/\/fladgatefamilywines.com\/wp-content\/uploads\/2024\/08\/Milagres-by-Qta-da-Pedra-2019_75cl-241x300.jpg 241w, https:\/\/fladgatefamilywines.com\/wp-content\/uploads\/2024\/08\/Milagres-by-Qta-da-Pedra-2019_75cl-768x954.jpg 768w\" sizes=\"(max-width: 800px) 100vw, 800px\" \/>\t\t\t\t\t<\/a>\n\t\t\t\t<\/div>\n\t\t\t<\/div>\n\t\t\t\t<div class=\"qodef-e-product-content\">\n\t\t\t\t<div class=\"qodef-e-product-categories\"><a href=\"https:\/\/fladgatefamilywines.com\/en\/product-category\/white\/\" rel=\"tag\">White<\/a><\/div>\n\t\t\t<h6 itemprop=\"name\" class=\"qodef-e-product-title qodef-e-title entry-title\">\n\t<a itemprop=\"url\" class=\"qodef-e-product-title-link\" href=\"https:\/\/fladgatefamilywines.com\/en\/produto\/milagres-alvarinho-2019\/\">\n\t\tMilagres by Quinta da Pedra Alvarinho 2019\t<\/a>\n<\/h6>\n\t\t\t<div class=\"qodef-e-swap-holder\">\n\t\t\t\t\t\t<div class=\"qodef-woo-product-price price\"><span class=\"woocommerce-Price-amount amount\">478,00&nbsp;<span class=\"woocommerce-Price-currencySymbol\">&euro;<\/span><\/span><\/div>\n\t\t\t\t\t\t<div class=\"qodef-e-to-swap\">\n\t\t\t\t\t<a class=\"qodef-shortcode qodef-m button product_type_simple add_to_cart_button ajax_add_to_cart qodef-qi-button qodef-html--link qodef-layout--filled qodef-type--standard   qodef-icon--right qodef-hover--icon-move-horizontal-short     \" href=\"?add-to-cart=12948\" target=\"_self\" data-product_id=\"12948\" data-product_sku=\"30-1-1-1-1-1-1-1\" aria-label=\"Add to cart: &ldquo;Milagres by Quinta da Pedra Alvarinho 2019&rdquo;\" rel=\"nofollow\" data-quantity=\"1\">\t<span class=\"qodef-m-text\">Add to cart<\/span>\t<\/a>\t\t\t\t<\/div>\n\t\t\t<\/div>\n\t\t\t\t\t\t\t\t<\/div>\n\t\t<a href=\"https:\/\/fladgatefamilywines.com\/en\/produto\/milagres-alvarinho-2019\/\" class=\"woocommerce-LoopProduct-link woocommerce-loop-product__link\"><\/a>\t<\/div>\n<\/div>\n<div class=\"qodef-e qodef-grid-item product type-product post-12946 status-publish last instock product_cat-highlights product_cat-white has-post-thumbnail shipping-taxable purchasable product-type-simple\">\n\t<div class=\"qodef-e-product-inner\">\n\t\t\t\t\t<div class=\"qodef-e-product-image\">\n\t\t\t\t\t\t\t\t<div class=\"qodef-e-product-image-holder\">\n\t\t\t\t\t<a itemprop=\"url\" href=\"https:\/\/fladgatefamilywines.com\/en\/produto\/graca-da-pedra-alvarinho-2022\/\">\n\t\t\t\t\t\t<img loading=\"lazy\" decoding=\"async\" width=\"800\" height=\"994\" src=\"https:\/\/fladgatefamilywines.com\/wp-content\/uploads\/2024\/08\/Graca-da-Pedra-Alvarinho-2022_75cl.jpg\" class=\"attachment-full size-full\" alt=\"Graca-da-Pedra-Alvarinho-2022\" srcset=\"https:\/\/fladgatefamilywines.com\/wp-content\/uploads\/2024\/08\/Graca-da-Pedra-Alvarinho-2022_75cl.jpg 800w, https:\/\/fladgatefamilywines.com\/wp-content\/uploads\/2024\/08\/Graca-da-Pedra-Alvarinho-2022_75cl-600x746.jpg 600w, https:\/\/fladgatefamilywines.com\/wp-content\/uploads\/2024\/08\/Graca-da-Pedra-Alvarinho-2022_75cl-300x373.jpg 300w, https:\/\/fladgatefamilywines.com\/wp-content\/uploads\/2024\/08\/Graca-da-Pedra-Alvarinho-2022_75cl-241x300.jpg 241w, https:\/\/fladgatefamilywines.com\/wp-content\/uploads\/2024\/08\/Graca-da-Pedra-Alvarinho-2022_75cl-768x954.jpg 768w\" sizes=\"(max-width: 800px) 100vw, 800px\" \/>\t\t\t\t\t<\/a>\n\t\t\t\t<\/div>\n\t\t\t<\/div>\n\t\t\t\t<div class=\"qodef-e-product-content\">\n\t\t\t\t<div class=\"qodef-e-product-categories\"><a href=\"https:\/\/fladgatefamilywines.com\/en\/product-category\/highlights\/\" rel=\"tag\">Highlights<\/a><span class=\"qodef-category-separator\"><\/span><a href=\"https:\/\/fladgatefamilywines.com\/en\/product-category\/white\/\" rel=\"tag\">White<\/a><\/div>\n\t\t\t<h6 itemprop=\"name\" class=\"qodef-e-product-title qodef-e-title entry-title\">\n\t<a itemprop=\"url\" class=\"qodef-e-product-title-link\" href=\"https:\/\/fladgatefamilywines.com\/en\/produto\/graca-da-pedra-alvarinho-2022\/\">\n\t\tGra\u00e7a da Pedra Alvarinho 2022\t<\/a>\n<\/h6>\n\t\t\t<div class=\"qodef-e-swap-holder\">\n\t\t\t\t\t\t<div class=\"qodef-woo-product-price price\"><span class=\"woocommerce-Price-amount amount\">477,00&nbsp;<span class=\"woocommerce-Price-currencySymbol\">&euro;<\/span><\/span><\/div>\n\t\t\t\t\t\t<div class=\"qodef-e-to-swap\">\n\t\t\t\t\t<a class=\"qodef-shortcode qodef-m button product_type_simple add_to_cart_button ajax_add_to_cart qodef-qi-button qodef-html--link qodef-layout--filled qodef-type--standard   qodef-icon--right qodef-hover--icon-move-horizontal-short     \" href=\"?add-to-cart=12946\" target=\"_self\" data-product_id=\"12946\" data-product_sku=\"30-1-1-1-1-1-1\" aria-label=\"Add to cart: &ldquo;Gra\u00e7a da Pedra Alvarinho 2022&rdquo;\" rel=\"nofollow\" data-quantity=\"1\">\t<span class=\"qodef-m-text\">Add to cart<\/span>\t<\/a>\t\t\t\t<\/div>\n\t\t\t<\/div>\n\t\t\t\t\t\t\t\t<\/div>\n\t\t<a href=\"https:\/\/fladgatefamilywines.com\/en\/produto\/graca-da-pedra-alvarinho-2022\/\" class=\"woocommerce-LoopProduct-link woocommerce-loop-product__link\"><\/a>\t<\/div>\n<\/div>\n\t<\/div>\n\t<\/div>\n\t\t\t\t<\/div>\n\t\t\t\t<\/div>\n\t\t\t\t\t<\/div>\n\t\t\t\t<\/div>\n\t\t\t\t<\/div>\n\t\t","protected":false},"excerpt":{"rendered":"<p>quinta da Pedra Quinta da Pedra is a historic and distinguished estate located in the heart of Mon\u00e7\u00e3o and Melga\u00e7o, the most renowned sub-region of Vinho Verde in northern Portugal. Dating back to the 17th century, this estate holds significant historical value and is considered one of the oldest and most important in the Alto [&hellip;]<\/p>\n","protected":false},"author":2,"featured_media":0,"parent":12818,"menu_order":0,"comment_status":"closed","ping_status":"closed","template":"page-full-width.php","meta":{"_acf_changed":false,"footnotes":""},"class_list":["post-12845","page","type-page","status-publish","hentry"],"acf":[],"_links":{"self":[{"href":"https:\/\/fladgatefamilywines.com\/en\/wp-json\/wp\/v2\/pages\/12845","targetHints":{"allow":["GET"]}}],"collection":[{"href":"https:\/\/fladgatefamilywines.com\/en\/wp-json\/wp\/v2\/pages"}],"about":[{"href":"https:\/\/fladgatefamilywines.com\/en\/wp-json\/wp\/v2\/types\/page"}],"author":[{"embeddable":true,"href":"https:\/\/fladgatefamilywines.com\/en\/wp-json\/wp\/v2\/users\/2"}],"replies":[{"embeddable":true,"href":"https:\/\/fladgatefamilywines.com\/en\/wp-json\/wp\/v2\/comments?post=12845"}],"version-history":[{"count":0,"href":"https:\/\/fladgatefamilywines.com\/en\/wp-json\/wp\/v2\/pages\/12845\/revisions"}],"up":[{"embeddable":true,"href":"https:\/\/fladgatefamilywines.com\/en\/wp-json\/wp\/v2\/pages\/12818"}],"wp:attachment":[{"href":"https:\/\/fladgatefamilywines.com\/en\/wp-json\/wp\/v2\/media?parent=12845"}],"curies":[{"name":"wp","href":"https:\/\/api.w.org\/{rel}","templated":true}]}}